{"id":7488,"date":"2022-06-06T16:11:13","date_gmt":"2022-06-06T19:11:13","guid":{"rendered":"https:\/\/techgirls.com.br\/?page_id=7488"},"modified":"2022-06-06T16:43:43","modified_gmt":"2022-06-06T19:43:43","slug":"reciclagem","status":"publish","type":"page","link":"https:\/\/indexwebsites.com.br\/tg\/reciclagem\/","title":{"rendered":"Reciclagem: problema ou solu\u00e7\u00e3o?"},"content":{"rendered":"\t\t<div data-elementor-type=\"wp-page\" data-elementor-id=\"7488\" class=\"elementor elementor-7488\" data-elementor-post-type=\"page\">\n\t\t\t\t\t\t<section class=\"elementor-section elementor-top-section elementor-element elementor-element-48c711d elementor-section-boxed elementor-section-height-default elementor-section-height-default\" data-id=\"48c711d\" data-element_type=\"section\" data-e-type=\"section\">\n\t\t\t\t\t\t<div class=\"elementor-container elementor-column-gap-default\">\n\t\t\t\t\t<div class=\"elementor-column elementor-col-100 elementor-top-column elementor-element elementor-element-3cd61c7\" data-id=\"3cd61c7\" data-element_type=\"column\" data-e-type=\"column\">\n\t\t\t<div class=\"elementor-widget-wrap elementor-element-populated\">\n\t\t\t\t\t\t<div class=\"elementor-element elementor-element-e535cb2 elementor-widget elementor-widget-heading\" data-id=\"e535cb2\" data-element_type=\"widget\" data-e-type=\"widget\" data-widget_type=\"heading.default\">\n\t\t\t\t<div class=\"elementor-widget-container\">\n\t\t\t\t\t<h1 class=\"elementor-heading-title elementor-size-default\"><span style=\"font-weight:normal\" id=\"docs-internal-guid-abe82971-7fff-15ca-1b78-6b75a6a0394e\"><span style=\"font-size: 15pt;font-family: Arial;font-weight: 700;vertical-align: baseline\">O lixo-eletr\u00f4nico como futuro das mulheres em tecnologia<\/span><\/span><\/h1>\t\t\t\t<\/div>\n\t\t\t\t<\/div>\n\t\t\t\t\t<\/div>\n\t\t<\/div>\n\t\t\t\t\t<\/div>\n\t\t<\/section>\n\t\t\t\t<section class=\"elementor-section elementor-top-section elementor-element elementor-element-e03397c elementor-section-boxed elementor-section-height-default elementor-section-height-default\" data-id=\"e03397c\" data-element_type=\"section\" data-e-type=\"section\">\n\t\t\t\t\t\t<div class=\"elementor-container elementor-column-gap-default\">\n\t\t\t\t\t<div class=\"elementor-column elementor-col-100 elementor-top-column elementor-element elementor-element-cff587e\" data-id=\"cff587e\" data-element_type=\"column\" data-e-type=\"column\">\n\t\t\t<div class=\"elementor-widget-wrap elementor-element-populated\">\n\t\t\t\t\t\t<div class=\"elementor-element elementor-element-365e0a2 elementor-widget elementor-widget-text-editor\" data-id=\"365e0a2\" data-element_type=\"widget\" data-e-type=\"widget\" data-widget_type=\"text-editor.default\">\n\t\t\t\t<div class=\"elementor-widget-container\">\n\t\t\t\t\t\t\t\t\t<p>Na semana que se comemora a reciclagem, Tech Girls destaca a conquista de seu licenciamento ambiental<\/p>\t\t\t\t\t\t\t\t<\/div>\n\t\t\t\t<\/div>\n\t\t\t\t\t<\/div>\n\t\t<\/div>\n\t\t\t\t\t<\/div>\n\t\t<\/section>\n\t\t\t\t<section class=\"elementor-section elementor-top-section elementor-element elementor-element-d4ee469 elementor-section-boxed elementor-section-height-default elementor-section-height-default\" data-id=\"d4ee469\" data-element_type=\"section\" data-e-type=\"section\">\n\t\t\t\t\t\t<div class=\"elementor-container elementor-column-gap-default\">\n\t\t\t\t\t<div class=\"elementor-column elementor-col-100 elementor-top-column elementor-element elementor-element-93e1f8e\" data-id=\"93e1f8e\" data-element_type=\"column\" data-e-type=\"column\">\n\t\t\t<div class=\"elementor-widget-wrap elementor-element-populated\">\n\t\t\t\t\t\t<div class=\"elementor-element elementor-element-0e6386c elementor-widget elementor-widget-image\" data-id=\"0e6386c\" data-element_type=\"widget\" data-e-type=\"widget\" data-widget_type=\"image.default\">\n\t\t\t\t<div class=\"elementor-widget-container\">\n\t\t\t\t\t\t\t\t\t\t\t\t\t\t\t<img fetchpriority=\"high\" decoding=\"async\" width=\"786\" height=\"350\" src=\"https:\/\/indexwebsites.com.br\/tg\/wp-content\/uploads\/2022\/06\/Vida-nova-ao-lixo-eletro\u0302nico-1.png\" class=\"attachment-large size-large wp-image-7496 no-lazyload\" alt=\"\" srcset=\"https:\/\/indexwebsites.com.br\/tg\/wp-content\/uploads\/2022\/06\/Vida-nova-ao-lixo-eletro\u0302nico-1.png 786w, https:\/\/indexwebsites.com.br\/tg\/wp-content\/uploads\/2022\/06\/Vida-nova-ao-lixo-eletro\u0302nico-1-300x134.png 300w, https:\/\/indexwebsites.com.br\/tg\/wp-content\/uploads\/2022\/06\/Vida-nova-ao-lixo-eletro\u0302nico-1-768x342.png 768w\" sizes=\"(max-width: 786px) 100vw, 786px\" \/>\t\t\t\t\t\t\t\t\t\t\t\t\t\t\t<\/div>\n\t\t\t\t<\/div>\n\t\t\t\t\t<\/div>\n\t\t<\/div>\n\t\t\t\t\t<\/div>\n\t\t<\/section>\n\t\t\t\t<section class=\"elementor-section elementor-top-section elementor-element elementor-element-ca7e3d4 elementor-section-boxed elementor-section-height-default elementor-section-height-default\" data-id=\"ca7e3d4\" data-element_type=\"section\" data-e-type=\"section\">\n\t\t\t\t\t\t<div class=\"elementor-container elementor-column-gap-default\">\n\t\t\t\t\t<div class=\"elementor-column elementor-col-100 elementor-top-column elementor-element elementor-element-3aaff82\" data-id=\"3aaff82\" data-element_type=\"column\" data-e-type=\"column\">\n\t\t\t<div class=\"elementor-widget-wrap\">\n\t\t\t\t\t\t\t<\/div>\n\t\t<\/div>\n\t\t\t\t\t<\/div>\n\t\t<\/section>\n\t\t\t\t<section class=\"elementor-section elementor-top-section elementor-element elementor-element-bdbb7c2 elementor-section-boxed elementor-section-height-default elementor-section-height-default\" data-id=\"bdbb7c2\" data-element_type=\"section\" data-e-type=\"section\">\n\t\t\t\t\t\t<div class=\"elementor-container elementor-column-gap-default\">\n\t\t\t\t\t<div class=\"elementor-column elementor-col-50 elementor-top-column elementor-element elementor-element-ec505f7\" data-id=\"ec505f7\" data-element_type=\"column\" data-e-type=\"column\">\n\t\t\t<div class=\"elementor-widget-wrap elementor-element-populated\">\n\t\t\t\t\t\t<div class=\"elementor-element elementor-element-dcc37cc elementor-widget elementor-widget-text-editor\" data-id=\"dcc37cc\" data-element_type=\"widget\" data-e-type=\"widget\" data-widget_type=\"text-editor.default\">\n\t\t\t\t<div class=\"elementor-widget-container\">\n\t\t\t\t\t\t\t\t\t<p><span style=\"font-weight: 400;\">No Brasil, 4% dos res\u00edduos s\u00f3lidos que poderiam ser reciclados s\u00e3o enviados para esse processo, \u00edndice muito abaixo de pa\u00edses de mesma faixa de renda e grau de desenvolvimento econ\u00f4mico, como Chile, Argentina, \u00c1frica do Sul e Turquia, que apresentam m\u00e9dia de 16% de reciclagem, segundo dados da International Solid Waste Association (ISWA).<\/span><\/p><p>\u00a0<\/p><p><span style=\"font-weight: 400;\">Em rela\u00e7\u00e3o aos pa\u00edses desenvolvidos, o caminho a percorrer \u00e9 ainda mais longo. Na Alemanha, por exemplo, o \u00edndice de reciclagem alcan\u00e7a 67%<\/span><\/p><p>\u00a0<\/p><p><span style=\"font-weight: 400;\">Embora o pa\u00eds tenha grande potencial para aumentar a reciclagem, diversos fatores mant\u00eam esses \u00edndices estagnados, a come\u00e7ar pela falta de conscientiza\u00e7\u00e3o e de engajamento do consumidor na separa\u00e7\u00e3o e descarte seletivo de res\u00edduos. Tamb\u00e9m \u00e9 preciso destacar a falta de infraestrutura das prefeituras para permitir que esses materiais retornem para o ciclo produtivo, com potencial de recupera\u00e7\u00e3o.<\/span><\/p>\t\t\t\t\t\t\t\t<\/div>\n\t\t\t\t<\/div>\n\t\t\t\t\t<\/div>\n\t\t<\/div>\n\t\t\t\t<div class=\"elementor-column elementor-col-50 elementor-top-column elementor-element elementor-element-fb0d095\" data-id=\"fb0d095\" data-element_type=\"column\" data-e-type=\"column\">\n\t\t\t<div class=\"elementor-widget-wrap elementor-element-populated\">\n\t\t\t\t\t\t<div class=\"elementor-element elementor-element-28443c7 elementor-widget elementor-widget-image\" data-id=\"28443c7\" data-element_type=\"widget\" data-e-type=\"widget\" data-widget_type=\"image.default\">\n\t\t\t\t<div class=\"elementor-widget-container\">\n\t\t\t\t\t\t\t\t\t\t\t\t\t\t\t<img decoding=\"async\" width=\"540\" height=\"540\" src=\"https:\/\/indexwebsites.com.br\/tg\/wp-content\/uploads\/2022\/05\/Posts-Maio-4.png\" class=\"attachment-large size-large wp-image-7123 no-lazyload\" alt=\"\" srcset=\"https:\/\/indexwebsites.com.br\/tg\/wp-content\/uploads\/2022\/05\/Posts-Maio-4.png 540w, https:\/\/indexwebsites.com.br\/tg\/wp-content\/uploads\/2022\/05\/Posts-Maio-4-300x300.png 300w, https:\/\/indexwebsites.com.br\/tg\/wp-content\/uploads\/2022\/05\/Posts-Maio-4-150x150.png 150w\" sizes=\"(max-width: 540px) 100vw, 540px\" \/>\t\t\t\t\t\t\t\t\t\t\t\t\t\t\t<\/div>\n\t\t\t\t<\/div>\n\t\t\t\t\t<\/div>\n\t\t<\/div>\n\t\t\t\t\t<\/div>\n\t\t<\/section>\n\t\t\t\t<section class=\"elementor-section elementor-top-section elementor-element elementor-element-1da35cc elementor-section-boxed elementor-section-height-default elementor-section-height-default\" data-id=\"1da35cc\" data-element_type=\"section\" data-e-type=\"section\">\n\t\t\t\t\t\t<div class=\"elementor-container elementor-column-gap-default\">\n\t\t\t\t\t<div class=\"elementor-column elementor-col-50 elementor-top-column elementor-element elementor-element-8e7689b\" data-id=\"8e7689b\" data-element_type=\"column\" data-e-type=\"column\">\n\t\t\t<div class=\"elementor-widget-wrap elementor-element-populated\">\n\t\t\t\t\t\t<div class=\"elementor-element elementor-element-1c20f13 elementor-widget elementor-widget-image\" data-id=\"1c20f13\" data-element_type=\"widget\" data-e-type=\"widget\" data-widget_type=\"image.default\">\n\t\t\t\t<div class=\"elementor-widget-container\">\n\t\t\t\t\t\t\t\t\t\t\t\t\t\t\t<img decoding=\"async\" width=\"540\" height=\"540\" src=\"https:\/\/indexwebsites.com.br\/tg\/wp-content\/uploads\/2022\/02\/lixo_Boticario_Desenvolve-3.png\" class=\"attachment-large size-large wp-image-5933 no-lazyload\" alt=\"\" srcset=\"https:\/\/indexwebsites.com.br\/tg\/wp-content\/uploads\/2022\/02\/lixo_Boticario_Desenvolve-3.png 540w, https:\/\/indexwebsites.com.br\/tg\/wp-content\/uploads\/2022\/02\/lixo_Boticario_Desenvolve-3-300x300.png 300w, https:\/\/indexwebsites.com.br\/tg\/wp-content\/uploads\/2022\/02\/lixo_Boticario_Desenvolve-3-150x150.png 150w\" sizes=\"(max-width: 540px) 100vw, 540px\" \/>\t\t\t\t\t\t\t\t\t\t\t\t\t\t\t<\/div>\n\t\t\t\t<\/div>\n\t\t\t\t\t<\/div>\n\t\t<\/div>\n\t\t\t\t<div class=\"elementor-column elementor-col-50 elementor-top-column elementor-element elementor-element-4eb7c1b\" data-id=\"4eb7c1b\" data-element_type=\"column\" data-e-type=\"column\">\n\t\t\t<div class=\"elementor-widget-wrap elementor-element-populated\">\n\t\t\t\t\t\t<div class=\"elementor-element elementor-element-642b2f1 elementor-widget elementor-widget-text-editor\" data-id=\"642b2f1\" data-element_type=\"widget\" data-e-type=\"widget\" data-widget_type=\"text-editor.default\">\n\t\t\t\t<div class=\"elementor-widget-container\">\n\t\t\t\t\t\t\t\t\t<p><span style=\"font-weight: 400;\">O Dia Nacional da Reciclagem, lembrado neste domingo (5), visa a conscientizar a popula\u00e7\u00e3o sobre a relev\u00e2ncia da coleta seletiva, que faz a separa\u00e7\u00e3o e destina\u00e7\u00e3o de materiais para reciclagem e reaproveitamento, de modo a diminuir os impactos causados ao meio ambiente pelo descarte incorreto de produtos.&nbsp;<\/span><\/p><p><span style=\"font-family: var( --e-global-typography-text-font-family ), Sans-serif; font-size: 1rem;\">Os materiais recicl\u00e1veis secos representaram 33,6% do total de 82,5 milh\u00f5es de toneladas anuais de res\u00edduos s\u00f3lidos urbanos (RSU) produzidos durante o per\u00edodo da pandemia da covid-19, nos anos de 2020 e 2021. De acordo com o Panorama dos Res\u00edduos S\u00f3lidos 2021, divulgado pela Abrelpe, o Brasil contabilizou 27,7 milh\u00f5es de toneladas anuais de res\u00edduos recicl\u00e1veis.<\/span><\/p>\n<p><\/p>\n<p><span style=\"font-weight: 400;\">Embora os materiais recicl\u00e1veis secos tenham ampliado sua participa\u00e7\u00e3o no total de res\u00edduos s\u00f3lidos urbanos (saindo de 31,7% em 2012 para 33,6% na \u00faltima pesquisa), a fra\u00e7\u00e3o org\u00e2nica permanece predominando como principal componente, com 45,3%, o que representa pouco mais de 37 milh\u00f5es toneladas\/ano.<\/span><\/p>\n<p><\/p>\n<p><span style=\"font-weight: 400;\">De acordo com a pesquisa, os res\u00edduos recicl\u00e1veis secos s\u00e3o compostos principalmente pelos pl\u00e1sticos (16,8%, com 13,8 milh\u00f5es de toneladas por ano), papel e papel\u00e3o (10,4%, ou 8,57 milh\u00f5es de toneladas anuais), vidros (2,7%), metais (2,3%) e embalagens multicamadas (1,4%).&nbsp;<\/span><\/p>\n<p><\/p>\n<p><span style=\"font-weight: 400;\">A falta de reciclagem adequada do lixo tem gerado uma perda econ\u00f4mica significativa para o pa\u00eds. Levantamento feito pela Abrelpe em 2019 mostrou que somente os recicl\u00e1veis que v\u00e3o para lix\u00f5es levam a uma perda de R$ 14 bilh\u00f5es anualmente, que poderiam gerar receita e renda para uma camada de popula\u00e7\u00e3o que trabalha com essa atividade.<\/span><\/p>\t\t\t\t\t\t\t\t<\/div>\n\t\t\t\t<\/div>\n\t\t\t\t\t<\/div>\n\t\t<\/div>\n\t\t\t\t\t<\/div>\n\t\t<\/section>\n\t\t\t\t<section class=\"elementor-section elementor-top-section elementor-element elementor-element-109aad2 elementor-section-boxed elementor-section-height-default elementor-section-height-default\" data-id=\"109aad2\" data-element_type=\"section\" data-e-type=\"section\">\n\t\t\t\t\t\t<div class=\"elementor-container elementor-column-gap-default\">\n\t\t\t\t\t<div class=\"elementor-column elementor-col-50 elementor-top-column elementor-element elementor-element-13ff26d\" data-id=\"13ff26d\" data-element_type=\"column\" data-e-type=\"column\">\n\t\t\t<div class=\"elementor-widget-wrap elementor-element-populated\">\n\t\t\t\t\t\t<div class=\"elementor-element elementor-element-8dddc4d elementor-widget elementor-widget-text-editor\" data-id=\"8dddc4d\" data-element_type=\"widget\" data-e-type=\"widget\" data-widget_type=\"text-editor.default\">\n\t\t\t\t<div class=\"elementor-widget-container\">\n\t\t\t\t\t\t\t\t\t<p><b>Futuro e Educa\u00e7\u00e3o com as Tech Girls\u00a0<\/b><\/p><p>\u00a0<\/p><p><span style=\"font-weight: 400;\">Enquanto o lixo eletr\u00f4nico \u00e9 problema para uns, um projeto social de nome Tech Girls, utiliza justamemente estes rejeitos para <\/span><span style=\"font-weight: 400;\">\u00a0atrair o interesse de mulheres que nunca ligaram um computador antes e desconhecem as oportunidades que a\u00a0 \u00e1rea de tecnologia oferece, a Tech Girls criou uma metodologia pr\u00f3pria em ensino de tecnologia, chamada de Metodologia Afetiva de Ensino em Tecnologia\u00ae, que inicialmente atrai o interesse das mulheres atrav\u00e9s de uma oficina de acess\u00f3rios femininos em lixo-eletr\u00f4nico, batizado de Bijouxtech\u00ae. Com confian\u00e7a e autoestima renovada, essas alunas s\u00e3o convidadas a seguirem nesta trilha de aprendizado, passando pelos cursos de manuten\u00e7\u00e3o de notebooks e na sequ\u00eancia, l\u00f3gica de programa\u00e7\u00e3o e linguagem de python.<\/span><\/p><p>\u00a0<\/p><p><span style=\"font-weight: 400;\">A trilha completa tem duran\u00e7\u00e3o 3 meses e ao final do curso as alunas de baixa renda com boas notas recebem um computador recuperado por elas mesmas. O objetivo \u00e9 que continuem seus estudos em tecnologia, bem como coloquem em pr\u00e1tica seus neg\u00f3cios digitais e realizem vendas pela internet.<\/span><\/p>\t\t\t\t\t\t\t\t<\/div>\n\t\t\t\t<\/div>\n\t\t\t\t\t<\/div>\n\t\t<\/div>\n\t\t\t\t<div class=\"elementor-column elementor-col-50 elementor-top-column elementor-element elementor-element-c80d0b9\" data-id=\"c80d0b9\" data-element_type=\"column\" data-e-type=\"column\">\n\t\t\t<div class=\"elementor-widget-wrap elementor-element-populated\">\n\t\t\t\t\t\t<div class=\"elementor-element elementor-element-027307c elementor-widget elementor-widget-image\" data-id=\"027307c\" data-element_type=\"widget\" data-e-type=\"widget\" data-widget_type=\"image.default\">\n\t\t\t\t<div class=\"elementor-widget-container\">\n\t\t\t\t\t\t\t\t\t\t\t\t\t\t\t<img loading=\"lazy\" decoding=\"async\" width=\"800\" height=\"450\" src=\"https:\/\/indexwebsites.com.br\/tg\/wp-content\/uploads\/2022\/05\/Desfile-Bijouxtech.png\" class=\"attachment-large size-large wp-image-7198 no-lazyload\" alt=\"\" srcset=\"https:\/\/indexwebsites.com.br\/tg\/wp-content\/uploads\/2022\/05\/Desfile-Bijouxtech.png 960w, https:\/\/indexwebsites.com.br\/tg\/wp-content\/uploads\/2022\/05\/Desfile-Bijouxtech-300x169.png 300w, https:\/\/indexwebsites.com.br\/tg\/wp-content\/uploads\/2022\/05\/Desfile-Bijouxtech-768x432.png 768w\" sizes=\"(max-width: 800px) 100vw, 800px\" \/>\t\t\t\t\t\t\t\t\t\t\t\t\t\t\t<\/div>\n\t\t\t\t<\/div>\n\t\t\t\t<div class=\"elementor-element elementor-element-d723fd9 elementor-widget elementor-widget-text-editor\" data-id=\"d723fd9\" data-element_type=\"widget\" data-e-type=\"widget\" data-widget_type=\"text-editor.default\">\n\t\t\t\t<div class=\"elementor-widget-container\">\n\t\t\t\t\t\t\t\t\t<p>Alunas desfilam com suas cria\u00e7\u00f5es de Bijouxtechs\u00ae em evento de inaugura\u00e7\u00e3o do Espa\u00e7o Tech Girls\u00a0<\/p>\t\t\t\t\t\t\t\t<\/div>\n\t\t\t\t<\/div>\n\t\t\t\t\t<\/div>\n\t\t<\/div>\n\t\t\t\t\t<\/div>\n\t\t<\/section>\n\t\t\t\t<section class=\"elementor-section elementor-top-section elementor-element elementor-element-6682647 elementor-section-boxed elementor-section-height-default elementor-section-height-default\" data-id=\"6682647\" data-element_type=\"section\" data-e-type=\"section\">\n\t\t\t\t\t\t<div class=\"elementor-container elementor-column-gap-default\">\n\t\t\t\t\t<div class=\"elementor-column elementor-col-50 elementor-top-column elementor-element elementor-element-46958f8\" data-id=\"46958f8\" data-element_type=\"column\" data-e-type=\"column\">\n\t\t\t<div class=\"elementor-widget-wrap elementor-element-populated\">\n\t\t\t\t\t\t<div class=\"elementor-element elementor-element-74be009 elementor-widget elementor-widget-image\" data-id=\"74be009\" data-element_type=\"widget\" data-e-type=\"widget\" data-widget_type=\"image.default\">\n\t\t\t\t<div class=\"elementor-widget-container\">\n\t\t\t\t\t\t\t\t\t\t\t\t\t\t\t<img loading=\"lazy\" decoding=\"async\" width=\"540\" height=\"540\" src=\"https:\/\/indexwebsites.com.br\/tg\/wp-content\/uploads\/2022\/04\/Fotos-pro-site-2.png\" class=\"attachment-large size-large wp-image-6339 no-lazyload\" alt=\"\" srcset=\"https:\/\/indexwebsites.com.br\/tg\/wp-content\/uploads\/2022\/04\/Fotos-pro-site-2.png 540w, https:\/\/indexwebsites.com.br\/tg\/wp-content\/uploads\/2022\/04\/Fotos-pro-site-2-300x300.png 300w, https:\/\/indexwebsites.com.br\/tg\/wp-content\/uploads\/2022\/04\/Fotos-pro-site-2-150x150.png 150w\" sizes=\"(max-width: 540px) 100vw, 540px\" \/>\t\t\t\t\t\t\t\t\t\t\t\t\t\t\t<\/div>\n\t\t\t\t<\/div>\n\t\t\t\t\t<\/div>\n\t\t<\/div>\n\t\t\t\t<div class=\"elementor-column elementor-col-50 elementor-top-column elementor-element elementor-element-c36121c\" data-id=\"c36121c\" data-element_type=\"column\" data-e-type=\"column\">\n\t\t\t<div class=\"elementor-widget-wrap elementor-element-populated\">\n\t\t\t\t\t\t<div class=\"elementor-element elementor-element-0a8574a elementor-widget elementor-widget-text-editor\" data-id=\"0a8574a\" data-element_type=\"widget\" data-e-type=\"widget\" data-widget_type=\"text-editor.default\">\n\t\t\t\t<div class=\"elementor-widget-container\">\n\t\t\t\t\t\t\t\t\t<p><b>Regulamenta\u00e7\u00e3o Ambiental\u00a0<\/b><\/p><p>\u00a0<\/p><p><span style=\"font-weight: 400;\">O Tech Girls atende a legisla\u00e7\u00e3o vigente, quanto a coleta e destina\u00e7\u00e3o dos res\u00edduos s\u00f3lidos e apta para emiss\u00e3o de declara\u00e7\u00e3o para empresas, via sistema SINIR e recebeu consutoria ambiental pela empresa Interbio, para adequar cada etapa do microprocesso de reciclagem.<\/span><\/p><p>\u00a0<\/p><p><span style=\"font-weight: 400;\">Em abril passado, do Plano Nacional de Res\u00edduos S\u00f3lidos (Planares), que trouxe metas para os pr\u00f3ximos 20 anos para a reciclagem de materiais, valoriza\u00e7\u00e3o, aproveitamento de res\u00edduos.<\/span><\/p><p><br \/><br \/><\/p><p><span style=\"font-weight: 400;\">O Planares determina o aumento crescente da recupera\u00e7\u00e3o de res\u00edduos e estabelece meta de 50% de aproveitamento, em 20 anos. Assim, metade do lixo gerado passar\u00e1 a ser valorizado por meio da reciclagem, compostagem, biodigest\u00e3o e recupera\u00e7\u00e3o energ\u00e9tica.<\/span><\/p><p><span style=\"font-weight: 400;\">J\u00e1 o Certificado de Cr\u00e9dito de Reciclagem (Programa Recicla+) \u00e9 uma parceria entre os minist\u00e9rios do Meio Ambiente e Economia e visa fomentar a inje\u00e7\u00e3o de investimentos privados na reciclagem de produtos e embalagens descartados pelo consumidor.<\/span><\/p>\t\t\t\t\t\t\t\t<\/div>\n\t\t\t\t<\/div>\n\t\t\t\t\t<\/div>\n\t\t<\/div>\n\t\t\t\t\t<\/div>\n\t\t<\/section>\n\t\t\t\t<section class=\"elementor-section elementor-top-section elementor-element elementor-element-8517029 elementor-section-boxed elementor-section-height-default elementor-section-height-default\" data-id=\"8517029\" data-element_type=\"section\" data-e-type=\"section\">\n\t\t\t\t\t\t<div class=\"elementor-container elementor-column-gap-default\">\n\t\t\t\t\t<div class=\"elementor-column elementor-col-100 elementor-top-column elementor-element elementor-element-061fc79\" data-id=\"061fc79\" data-element_type=\"column\" data-e-type=\"column\">\n\t\t\t<div class=\"elementor-widget-wrap elementor-element-populated\">\n\t\t\t\t\t\t<div class=\"elementor-element elementor-element-61340fa elementor-widget elementor-widget-text-editor\" data-id=\"61340fa\" data-element_type=\"widget\" data-e-type=\"widget\" data-widget_type=\"text-editor.default\">\n\t\t\t\t<div class=\"elementor-widget-container\">\n\t\t\t\t\t\t\t\t\t<p><span style=\"font-weight: 400;\">Fontes: EBC Geral e Associa\u00e7\u00e3o Brasileira de Empresas de Limpeza P\u00fablica e Res\u00edduos Especiais (Abrelpe).<\/span><\/p>\t\t\t\t\t\t\t\t<\/div>\n\t\t\t\t<\/div>\n\t\t\t\t\t<\/div>\n\t\t<\/div>\n\t\t\t\t\t<\/div>\n\t\t<\/section>\n\t\t\t\t<section class=\"elementor-section elementor-top-section elementor-element elementor-element-51e64ba elementor-section-boxed elementor-section-height-default elementor-section-height-default\" data-id=\"51e64ba\" data-element_type=\"section\" data-e-type=\"section\">\n\t\t\t\t\t\t<div class=\"elementor-container elementor-column-gap-default\">\n\t\t\t\t\t<div class=\"elementor-column elementor-col-100 elementor-top-column elementor-element elementor-element-bd39268\" data-id=\"bd39268\" data-element_type=\"column\" data-e-type=\"column\">\n\t\t\t<div class=\"elementor-widget-wrap elementor-element-populated\">\n\t\t\t\t\t\t<div class=\"elementor-element elementor-element-93df4af elementor-widget elementor-widget-text-editor\" data-id=\"93df4af\" data-element_type=\"widget\" data-e-type=\"widget\" data-widget_type=\"text-editor.default\">\n\t\t\t\t<div class=\"elementor-widget-container\">\n\t\t\t\t\t\t\t\t\t<p>Sobre as Tech Girls:<br \/><span style=\"font-weight: 400;\">Levamos conhecimento de Tecnologia para contribuir na evolu\u00e7\u00e3o das mulheres de comunidades de vulnerabilidade social, para que estas possam obter independ\u00eancia financeira e entrar\/voltar no mercado de trabalho<\/span><\/p><p><span style=\"font-weight: 400;\">Mulheres&amp;Tecnologia Educa\u00e7\u00e3o Gratuita <\/span><\/p>\t\t\t\t\t\t\t\t<\/div>\n\t\t\t\t<\/div>\n\t\t\t\t\t<\/div>\n\t\t<\/div>\n\t\t\t\t\t<\/div>\n\t\t<\/section>\n\t\t\t\t<\/div>\n\t\t","protected":false},"excerpt":{"rendered":"<p>O lixo-eletr\u00f4nico como futuro das mulheres em tecnologia Na semana que se comemora a reciclagem, Tech Girls destaca a conquista de seu licenciamento ambiental No Brasil, 4% dos res\u00edduos s\u00f3lidos que poderiam ser reciclados s\u00e3o enviados para esse processo, \u00edndice muito abaixo de pa\u00edses de mesma faixa de renda e grau de desenvolvimento econ\u00f4mico, como [&hellip;]<\/p>\n","protected":false},"author":1,"featured_media":0,"parent":0,"menu_order":55,"comment_status":"closed","ping_status":"closed","template":"","meta":{"footnotes":""},"class_list":["post-7488","page","type-page","status-publish","hentry"],"_links":{"self":[{"href":"https:\/\/indexwebsites.com.br\/tg\/wp-json\/wp\/v2\/pages\/7488","targetHints":{"allow":["GET"]}}],"collection":[{"href":"https:\/\/indexwebsites.com.br\/tg\/wp-json\/wp\/v2\/pages"}],"about":[{"href":"https:\/\/indexwebsites.com.br\/tg\/wp-json\/wp\/v2\/types\/page"}],"author":[{"embeddable":true,"href":"https:\/\/indexwebsites.com.br\/tg\/wp-json\/wp\/v2\/users\/1"}],"replies":[{"embeddable":true,"href":"https:\/\/indexwebsites.com.br\/tg\/wp-json\/wp\/v2\/comments?post=7488"}],"version-history":[{"count":47,"href":"https:\/\/indexwebsites.com.br\/tg\/wp-json\/wp\/v2\/pages\/7488\/revisions"}],"predecessor-version":[{"id":7539,"href":"https:\/\/indexwebsites.com.br\/tg\/wp-json\/wp\/v2\/pages\/7488\/revisions\/7539"}],"wp:attachment":[{"href":"https:\/\/indexwebsites.com.br\/tg\/wp-json\/wp\/v2\/media?parent=7488"}],"curies":[{"name":"wp","href":"https:\/\/api.w.org\/{rel}","templated":true}]}}